{"id":12735,"date":"2024-09-13T07:06:07","date_gmt":"2024-09-13T07:06:07","guid":{"rendered":"https:\/\/idemag.com\/producto\/magnetfolie-mit-breitem-weissem-mattem-vinylband\/"},"modified":"2024-09-13T07:06:10","modified_gmt":"2024-09-13T07:06:10","slug":"magnetfolie-mit-breitem-weissem-mattem-vinylband","status":"publish","type":"producto","link":"https:\/\/idemag.com\/de\/producto\/magnetfolie-mit-breitem-weissem-mattem-vinylband\/","title":{"rendered":"Magnetfolie mit breitem wei\u00dfem, mattem Vinylband"},"content":{"rendered":"\t\t<div data-elementor-type=\"wp-post\" data-elementor-id=\"12735\" class=\"elementor elementor-12735 elementor-5038\" data-elementor-post-type=\"producto\">\n\t\t\t\t\t\t<section class=\"elementor-section elementor-top-section elementor-element elementor-element-98dfb9e elementor-section-full_width elementor-section-height-default elementor-section-height-default\" data-id=\"98dfb9e\" data-element_type=\"section\" data-settings=\"{&quot;background_background&quot;:&quot;classic&quot;}\">\n\t\t\t\t\t\t<div class=\"elementor-container elementor-column-gap-default\">\n\t\t\t\t\t<div class=\"elementor-column elementor-col-100 elementor-top-column elementor-element elementor-element-adc340e\" data-id=\"adc340e\" data-element_type=\"column\" data-settings=\"{&quot;background_background&quot;:&quot;classic&quot;}\">\n\t\t\t<div class=\"elementor-widget-wrap elementor-element-populated\">\n\t\t\t\t\t<div class=\"elementor-background-overlay\"><\/div>\n\t\t\t\t\t\t<section class=\"elementor-section elementor-inner-section elementor-element elementor-element-c21973e elementor-section-boxed elementor-section-height-default elementor-section-height-default\" data-id=\"c21973e\" data-element_type=\"section\" data-settings=\"{&quot;background_background&quot;:&quot;classic&quot;}\">\n\t\t\t\t\t\t<div class=\"elementor-container elementor-column-gap-default\">\n\t\t\t\t\t<div class=\"elementor-column elementor-col-50 elementor-inner-column elementor-element elementor-element-13b67ef\" data-id=\"13b67ef\" data-element_type=\"column\">\n\t\t\t<div class=\"elementor-widget-wrap elementor-element-populated\">\n\t\t\t\t\t\t<div class=\"elementor-element elementor-element-5fbcf11 elementor-widget elementor-widget-heading\" data-id=\"5fbcf11\" data-element_type=\"widget\" data-widget_type=\"heading.default\">\n\t\t\t\t<div class=\"elementor-widget-container\">\n\t\t\t<h2 class=\"elementor-heading-title elementor-size-default\">Magnetfolie mit breitem wei\u00dfem, mattem Vinylband<\/h2>\t\t<\/div>\n\t\t\t\t<\/div>\n\t\t\t\t<div class=\"elementor-element elementor-element-14c264b elementor-widget elementor-widget-text-editor\" data-id=\"14c264b\" data-element_type=\"widget\" data-widget_type=\"text-editor.default\">\n\t\t\t\t<div class=\"elementor-widget-container\">\n\t\t\t\t\t\t\t<p>Das bedruckbare mattwei\u00dfe Vinyl ist auf der nicht-magnetischen Seite laminiert.<\/p>\n<p>Leicht anzubringen.<br \/>\nDie Folie hat eine UV-geh\u00e4rtete Beschichtung auf der magnetischen Seite. <\/p>\n<p>Die Magnetfolien werden von Eisen angezogen. Sie lassen sich leicht anbringen, entfernen und austauschen, ohne R\u00fcckst\u00e4nde zu hinterlassen.<\/p>\n<p>Verschiedene Druckoptionen.<\/p>\n\t\t\t\t\t\t<\/div>\n\t\t\t\t<\/div>\n\t\t\t\t\t<\/div>\n\t\t<\/div>\n\t\t\t\t<div class=\"elementor-column elementor-col-50 elementor-inner-column elementor-element elementor-element-e995db8\" data-id=\"e995db8\" data-element_type=\"column\">\n\t\t\t<div class=\"elementor-widget-wrap elementor-element-populated\">\n\t\t\t\t\t\t<div class=\"elementor-element elementor-element-a14ef8e elementor-widget elementor-widget-image\" data-id=\"a14ef8e\" data-element_type=\"widget\" data-widget_type=\"image.default\">\n\t\t\t\t<div class=\"elementor-widget-container\">\n\t\t\t\t\t\t\t\t\t\t\t\t\t<img fetchpriority=\"high\" decoding=\"async\" width=\"300\" height=\"300\" src=\"https:\/\/idemag.com\/wp-content\/uploads\/2023\/06\/Lamina-magnetica-con-vinilo-blanco-mate-banda-ancha.jpg\" class=\"attachment-full size-full wp-image-5118\" alt=\"\" srcset=\"https:\/\/idemag.com\/wp-content\/uploads\/2023\/06\/Lamina-magnetica-con-vinilo-blanco-mate-banda-ancha.jpg 300w, https:\/\/idemag.com\/wp-content\/uploads\/2023\/06\/Lamina-magnetica-con-vinilo-blanco-mate-banda-ancha-150x150.jpg 150w\" sizes=\"(max-width: 300px) 100vw, 300px\" \/>\t\t\t\t\t\t\t\t\t\t\t\t\t<\/div>\n\t\t\t\t<\/div>\n\t\t\t\t\t<\/div>\n\t\t<\/div>\n\t\t\t\t\t<\/div>\n\t\t<\/section>\n\t\t\t\t\t<\/div>\n\t\t<\/div>\n\t\t\t\t\t<\/div>\n\t\t<\/section>\n\t\t\t\t<section class=\"elementor-section elementor-top-section elementor-element elementor-element-59d4862 elementor-section-boxed elementor-section-height-default elementor-section-height-default\" data-id=\"59d4862\" data-element_type=\"section\">\n\t\t\t\t\t\t<div class=\"elementor-container elementor-column-gap-default\">\n\t\t\t\t\t<div class=\"elementor-column elementor-col-100 elementor-top-column elementor-element elementor-element-8f61c27\" data-id=\"8f61c27\" data-element_type=\"column\">\n\t\t\t<div class=\"elementor-widget-wrap elementor-element-populated\">\n\t\t\t\t\t\t<div class=\"elementor-element elementor-element-b85ad8d elementor-widget elementor-widget-text-editor\" data-id=\"b85ad8d\" data-element_type=\"widget\" data-widget_type=\"text-editor.default\">\n\t\t\t\t<div class=\"elementor-widget-container\">\n\t\t\t\t\t\t\t<h3>Standard Abmessungen<\/h3>\n<table class=\"tableProductos\">\n<thead>\n<tr>\n<th>BREITE<\/th><th>1200<\/th><th>1270<\/th><th>1370<\/th><th>1524<\/th>\n<\/tr>\n<\/thead>\n<tbody>\n<tr>\n<td>LENGTH<\/td><td>15<\/td><td>20<\/td><td>30<\/td>\n<td><\/td>\n<\/tr>\n<tr>\n<td>DICHTE<\/td><td>0,3<\/td><td>0,4<\/td><td>0,5<\/td>\n<td><\/td>\n<\/tr>\n<\/tbody>\n<\/table>\n<em>Alle Ma\u00dfe in mm<\/em>\t\t\t\t\t\t<\/div>\n\t\t\t\t<\/div>\n\t\t\t\t\t<\/div>\n\t\t<\/div>\n\t\t\t\t\t<\/div>\n\t\t<\/section>\n\t\t\t\t<section class=\"elementor-section elementor-top-section elementor-element elementor-element-ebe3e21 elementor-section-boxed elementor-section-height-default elementor-section-height-default\" data-id=\"ebe3e21\" data-element_type=\"section\">\n\t\t\t\t\t\t<div class=\"elementor-container elementor-column-gap-default\">\n\t\t\t\t\t<div class=\"elementor-column elementor-col-100 elementor-top-column elementor-element elementor-element-e6b3faa\" data-id=\"e6b3faa\" data-element_type=\"column\">\n\t\t\t<div class=\"elementor-widget-wrap elementor-element-populated\">\n\t\t\t\t\t\t<div class=\"elementor-element elementor-element-ffee21e elementor-widget elementor-widget-eael-adv-tabs\" data-id=\"ffee21e\" data-element_type=\"widget\" data-widget_type=\"eael-adv-tabs.default\">\n\t\t\t\t<div class=\"elementor-widget-container\">\n\t\t\t        <div data-scroll-on-click=\"no\" data-scroll-speed=\"300\" id=\"eael-advance-tabs-ffee21e\" class=\"eael-advance-tabs eael-tabs-horizontal eael-tab-auto-active \" data-tabid=\"ffee21e\">\n            <div class=\"eael-tabs-nav\">\n                <ul class=\"\" role=\"tablist\">\n                                            <li id=\"physikalische-eigenschaften\" class=\"inactive eael-tab-item-trigger eael-tab-nav-item\" aria-selected=\"true\" data-tab=\"1\" role=\"tab\" tabindex=\"0\" aria-controls=\"physikalische-eigenschaften-tab\" aria-expanded=\"false\">\n                            \n                            \n                            \n                                                            <span class=\"eael-tab-title title-after-icon\" >PHYSIKALISCHE EIGENSCHAFTEN<\/span>                                                    <\/li>\n                                            <li id=\"imprimibel\" class=\"inactive eael-tab-item-trigger eael-tab-nav-item\" aria-selected=\"false\" data-tab=\"2\" role=\"tab\" tabindex=\"-1\" aria-controls=\"imprimibel-tab\" aria-expanded=\"false\">\n                            \n                            \n                            \n                                                            <span class=\"eael-tab-title title-after-icon\" >IMPRIMIBEL<\/span>                                                    <\/li>\n                                            <li id=\"verarbeitung-und-lagerung\" class=\"inactive eael-tab-item-trigger eael-tab-nav-item\" aria-selected=\"false\" data-tab=\"3\" role=\"tab\" tabindex=\"-1\" aria-controls=\"verarbeitung-und-lagerung-tab\" aria-expanded=\"false\">\n                            \n                            \n                            \n                                                            <span class=\"eael-tab-title title-after-icon\" >VERARBEITUNG UND LAGERUNG<\/span>                                                    <\/li>\n                                            <li id=\"produktionsschema\" class=\"inactive eael-tab-item-trigger eael-tab-nav-item\" aria-selected=\"false\" data-tab=\"4\" role=\"tab\" tabindex=\"-1\" aria-controls=\"produktionsschema-tab\" aria-expanded=\"false\">\n                            \n                            \n                            \n                                                            <span class=\"eael-tab-title title-after-icon\" >PRODUKTIONSSCHEMA<\/span>                                                    <\/li>\n                                    <\/ul>\n            <\/div>\n            \n            <div class=\"eael-tabs-content\">\n\t\t        \n                    <div id=\"physikalische-eigenschaften-tab\" class=\"clearfix eael-tab-content-item inactive\" data-title-link=\"physikalische-eigenschaften-tab\">\n\t\t\t\t        <p><strong>Flexibilit\u00e4t:<\/strong> Kann bei 20\u00b0C um einen Stab mit einem Radius von 12 mm gewickelt werden, ohne zu rei\u00dfen.<br \/>\nL\u00e4sst sich leicht mit einer Schere, einem Cutter, einer Stanze usw. schneiden. <\/p>\n                    <\/div>\n\t\t        \n                    <div id=\"imprimibel-tab\" class=\"clearfix eael-tab-content-item inactive\" data-title-link=\"imprimibel-tab\">\n\t\t\t\t        <table>\n<thead>\n<tr>\n<th>Digitaldruck Eco-Solvent-Tinten<\/th>\n<th>Digitaldruck UV-Softtinten<\/th>\n<th>Digitaldruck Latex-Tinten<\/th>\n<th>Siebdruck L\u00f6semittelbasierte Druckfarben<\/th>\n<th>Siebdruck UV-Farben<\/th>\n<th>Offsetdruck: L\u00f6semittelbasierte Druckfarben<\/th>\n<\/tr>\n<\/thead>\n<tbody>\n<tr>\n<td>Ja \u00b3 Ja \u00b3 Ja \u00b3 Ja \u00b3 Ja \u00b3 Ja \u00b3 Ja \u00b3 Ja \u00b3 Ja \u00b3 Ja \u00b3 Ja \u00b3 Ja \u00b3 Ja<\/td>\n<td>Ja, mit Bedacht \u00b9\u00b2\u00b3<\/td>\n<td>Nein<\/td>\n<td>Ja<\/td>\n<td>Ja, mit Bedacht \u00b9<\/td>\n<td>Ja<\/td>\n<\/tr>\n<\/tbody>\n<\/table>\n<ol>\n<li><span class=\"fontstyle0\">Dieses PVC hat nur einen Dyne-Wert von 34.<br \/>\nEinige UV-Farben erfordern f\u00fcr den Druck einen h\u00f6heren Dyne-Wert des Substrats. <\/span><\/li>\n<li><span class=\"fontstyle0\">Benutzer sollten vor der Produktion Vorabtests auf gro\u00dfen B\u00f6gen, z.B. 1000 mm x 1000 mm, durchf\u00fchren, um die Bedruckbarkeit zu best\u00e4tigen. Bei bestimmten Digitaldruckern kann es aufgrund von Tintenproblemen oder anderen technischen Problemen, die sich unserer Kenntnis entziehen, zu fl\u00e4chendeckenden oder nur in einigen kleinen Bereichen auftreten.<\/span><\/li>\n<li><span class=\"fontstyle0\">Benutzer m\u00fcssen das Material mit Handschuhen anfassen und d\u00fcrfen die Vinyloberfl\u00e4che vor dem UV-Digitaldruck nicht mit den H\u00e4nden ber\u00fchren oder mit organischen L\u00f6sungsmitteln oder Alkohol reinigen.<\/span><\/li>\n<\/ol>\n                    <\/div>\n\t\t        \n                    <div id=\"verarbeitung-und-lagerung-tab\" class=\"clearfix eael-tab-content-item inactive\" data-title-link=\"verarbeitung-und-lagerung-tab\">\n\t\t\t\t        <p><strong>Arbeitsbedingungen:<\/strong><\/p>\n<ul>\n<li>Temp.<br \/>\nvon 10\u00baC bis +35\u00aaC. <\/li>\n<li>Relative Luftfeuchtigkeit 30% bis 60%.<\/li>\n<\/ul>\n<p><strong>Anwendungsbedingungen:<\/strong> Die Temperaturschwankungen liegen innerhalb von 40 Grad pro Tag. <strong>Lagerungsbedingungen:<\/strong> In einem geschlossenen Lagerhaus unter Vermeidung von Sonnenlicht, bei einer Temperatur zwischen 10 und 35, relative Luftfeuchtigkeit zwischen 20% und 70%. <strong>Haltbarkeit:<\/strong> 12 Monate. Unfertige Produkte sollten umverpackt und unter normalen Lagerbedingungen aufbewahrt werden.<\/p>\n                    <\/div>\n\t\t        \n                    <div id=\"produktionsschema-tab\" class=\"clearfix eael-tab-content-item inactive\" data-title-link=\"produktionsschema-tab\">\n\t\t\t\t        <p><img decoding=\"async\" class=\"size-medium wp-image-5397 aligncenter\" src=\"http:\/\/idemag.com\/wp-content\/uploads\/2023\/06\/esquema_fabricacion_lamina_vinilo-300x69.jpg\" alt=\"\" width=\"300\" height=\"69\" srcset=\"https:\/\/idemag.com\/wp-content\/uploads\/2023\/06\/esquema_fabricacion_lamina_vinilo-300x69.jpg 300w, https:\/\/idemag.com\/wp-content\/uploads\/2023\/06\/esquema_fabricacion_lamina_vinilo-1024x234.jpg 1024w, https:\/\/idemag.com\/wp-content\/uploads\/2023\/06\/esquema_fabricacion_lamina_vinilo-768x176.jpg 768w, https:\/\/idemag.com\/wp-content\/uploads\/2023\/06\/esquema_fabricacion_lamina_vinilo-1536x351.jpg 1536w, https:\/\/idemag.com\/wp-content\/uploads\/2023\/06\/esquema_fabricacion_lamina_vinilo.jpg 1710w\" sizes=\"(max-width: 300px) 100vw, 300px\" \/><\/p>\n                    <\/div>\n\t\t                    <\/div>\n        <\/div>\n\t\t<\/div>\n\t\t\t\t<\/div>\n\t\t\t\t\t<\/div>\n\t\t<\/div>\n\t\t\t\t\t<\/div>\n\t\t<\/section>\n\t\t\t\t<\/div>\n\t\t","protected":false},"excerpt":{"rendered":"<p>Das bedruckbare mattwei\u00dfe Vinyl ist auf der nicht-magnetischen Seite laminiert. Leicht anzubringen. Die Folie hat eine UV-geh\u00e4rtete Beschichtung auf der magnetischen Seite. Die Magnetfolien werden von Eisen angezogen. Sie lassen sich leicht anbringen, entfernen und austauschen, ohne R\u00fcckst\u00e4nde zu hinterlassen. Verschiedene Druckoptionen. Standard Abmessungen BREITE 1200 1270 1370 1524 LENGTH 15 20 30 DICHTE 0,3 [&hellip;]<\/p>\n","protected":false},"featured_media":23086,"template":"elementor_header_footer","categories":[144],"tags":[],"class_list":["post-12735","producto","type-producto","status-publish","has-post-thumbnail","hentry","category-flexible-magnete-mit-breitem-band"],"yoast_head":"<!-- This site is optimized with the Yoast SEO plugin v23.7 - https:\/\/yoast.com\/wordpress\/plugins\/seo\/ -->\n<title>Magnetfolie mit breitem wei\u00dfem, mattem Vinylband - Fabricaci\u00f3n de sistemas magn\u00e9ticos | Idemag<\/title>\n<meta name=\"robots\" content=\"index, follow, max-snippet:-1, max-image-preview:large, max-video-preview:-1\" \/>\n<link rel=\"canonical\" href=\"https:\/\/idemag.com\/producto\/lamina-magnetica-con-vinilo-blanco-mate-banda-ancha\/\" \/>\n<meta property=\"og:locale\" content=\"de_DE\" \/>\n<meta property=\"og:type\" content=\"article\" \/>\n<meta property=\"og:title\" content=\"Magnetfolie mit breitem wei\u00dfem, mattem Vinylband - Fabricaci\u00f3n de sistemas magn\u00e9ticos | Idemag\" \/>\n<meta property=\"og:description\" content=\"Das bedruckbare mattwei\u00dfe Vinyl ist auf der nicht-magnetischen Seite laminiert. Leicht anzubringen. Die Folie hat eine UV-geh\u00e4rtete Beschichtung auf der magnetischen Seite. Die Magnetfolien werden von Eisen angezogen. Sie lassen sich leicht anbringen, entfernen und austauschen, ohne R\u00fcckst\u00e4nde zu hinterlassen. Verschiedene Druckoptionen. Standard Abmessungen BREITE 1200 1270 1370 1524 LENGTH 15 20 30 DICHTE 0,3 [&hellip;]\" \/>\n<meta property=\"og:url\" content=\"https:\/\/idemag.com\/producto\/lamina-magnetica-con-vinilo-blanco-mate-banda-ancha\/\" \/>\n<meta property=\"og:site_name\" content=\"Fabricaci\u00f3n de sistemas magn\u00e9ticos | Idemag\" \/>\n<meta property=\"article:publisher\" content=\"http:\/\/www.facebook.com\/pages\/IMANES-Y-DESARROLLOS-MAGNTICOS\/102898016414303\" \/>\n<meta property=\"article:modified_time\" content=\"2024-09-13T07:06:10+00:00\" \/>\n<meta property=\"og:image\" content=\"https:\/\/idemag.com\/wp-content\/uploads\/2023\/06\/Lamina-magnetica-con-vinilo-blanco-mate-banda-ancha.jpg\" \/>\n\t<meta property=\"og:image:width\" content=\"300\" \/>\n\t<meta property=\"og:image:height\" content=\"300\" \/>\n\t<meta property=\"og:image:type\" content=\"image\/jpeg\" \/>\n<meta name=\"twitter:card\" content=\"summary_large_image\" \/>\n<meta name=\"twitter:label1\" content=\"Gesch\u00e4tzte Lesezeit\" \/>\n\t<meta name=\"twitter:data1\" content=\"1\u00a0Minute\" \/>\n<script type=\"application\/ld+json\" class=\"yoast-schema-graph\">{\"@context\":\"https:\/\/schema.org\",\"@graph\":[{\"@type\":\"WebPage\",\"@id\":\"https:\/\/idemag.com\/producto\/lamina-magnetica-con-vinilo-blanco-mate-banda-ancha\/\",\"url\":\"https:\/\/idemag.com\/producto\/lamina-magnetica-con-vinilo-blanco-mate-banda-ancha\/\",\"name\":\"Magnetfolie mit breitem wei\u00dfem, mattem Vinylband - Fabricaci\u00f3n de sistemas magn\u00e9ticos | Idemag\",\"isPartOf\":{\"@id\":\"https:\/\/idemag.com\/#website\"},\"primaryImageOfPage\":{\"@id\":\"https:\/\/idemag.com\/producto\/lamina-magnetica-con-vinilo-blanco-mate-banda-ancha\/#primaryimage\"},\"image\":{\"@id\":\"https:\/\/idemag.com\/producto\/lamina-magnetica-con-vinilo-blanco-mate-banda-ancha\/#primaryimage\"},\"thumbnailUrl\":\"https:\/\/idemag.com\/wp-content\/uploads\/2023\/06\/Lamina-magnetica-con-vinilo-blanco-mate-banda-ancha.jpg\",\"datePublished\":\"2024-09-13T07:06:07+00:00\",\"dateModified\":\"2024-09-13T07:06:10+00:00\",\"breadcrumb\":{\"@id\":\"https:\/\/idemag.com\/producto\/lamina-magnetica-con-vinilo-blanco-mate-banda-ancha\/#breadcrumb\"},\"inLanguage\":\"de\",\"potentialAction\":[{\"@type\":\"ReadAction\",\"target\":[\"https:\/\/idemag.com\/producto\/lamina-magnetica-con-vinilo-blanco-mate-banda-ancha\/\"]}]},{\"@type\":\"ImageObject\",\"inLanguage\":\"de\",\"@id\":\"https:\/\/idemag.com\/producto\/lamina-magnetica-con-vinilo-blanco-mate-banda-ancha\/#primaryimage\",\"url\":\"https:\/\/idemag.com\/wp-content\/uploads\/2023\/06\/Lamina-magnetica-con-vinilo-blanco-mate-banda-ancha.jpg\",\"contentUrl\":\"https:\/\/idemag.com\/wp-content\/uploads\/2023\/06\/Lamina-magnetica-con-vinilo-blanco-mate-banda-ancha.jpg\",\"width\":300,\"height\":300},{\"@type\":\"BreadcrumbList\",\"@id\":\"https:\/\/idemag.com\/producto\/lamina-magnetica-con-vinilo-blanco-mate-banda-ancha\/#breadcrumb\",\"itemListElement\":[{\"@type\":\"ListItem\",\"position\":1,\"name\":\"Home\",\"item\":\"https:\/\/idemag.com\/de\/magnete-und-magnetische-entwicklungen\/\"},{\"@type\":\"ListItem\",\"position\":2,\"name\":\"Magnetfolie mit breitem wei\u00dfem, mattem Vinylband\"}]},{\"@type\":\"WebSite\",\"@id\":\"https:\/\/idemag.com\/#website\",\"url\":\"https:\/\/idemag.com\/\",\"name\":\"Fabricaci\u00f3n de sistemas magn\u00e9ticos | Idemag\",\"description\":\"Desarrollo y fabricaci\u00f3n de imanes y sistemas magn\u00e9ticos a medida\",\"publisher\":{\"@id\":\"https:\/\/idemag.com\/#organization\"},\"potentialAction\":[{\"@type\":\"SearchAction\",\"target\":{\"@type\":\"EntryPoint\",\"urlTemplate\":\"https:\/\/idemag.com\/?s={search_term_string}\"},\"query-input\":{\"@type\":\"PropertyValueSpecification\",\"valueRequired\":true,\"valueName\":\"search_term_string\"}}],\"inLanguage\":\"de\"},{\"@type\":\"Organization\",\"@id\":\"https:\/\/idemag.com\/#organization\",\"name\":\"IDEMAG : Imanes y desarrollos magn\u00e9ticos S.L.\",\"url\":\"https:\/\/idemag.com\/\",\"logo\":{\"@type\":\"ImageObject\",\"inLanguage\":\"de\",\"@id\":\"https:\/\/idemag.com\/#\/schema\/logo\/image\/\",\"url\":\"http:\/\/idemag.com\/wp-content\/uploads\/2022\/06\/logo-idemag-con-subtexto-2.png\",\"contentUrl\":\"http:\/\/idemag.com\/wp-content\/uploads\/2022\/06\/logo-idemag-con-subtexto-2.png\",\"width\":1200,\"height\":374,\"caption\":\"IDEMAG : Imanes y desarrollos magn\u00e9ticos S.L.\"},\"image\":{\"@id\":\"https:\/\/idemag.com\/#\/schema\/logo\/image\/\"},\"sameAs\":[\"http:\/\/www.facebook.com\/pages\/IMANES-Y-DESARROLLOS-MAGNTICOS\/102898016414303\",\"http:\/\/www.youtube.com\/user\/idemag?feature=watch\"]}]}<\/script>\n<!-- \/ Yoast SEO plugin. -->","yoast_head_json":{"title":"Magnetfolie mit breitem wei\u00dfem, mattem Vinylband - Fabricaci\u00f3n de sistemas magn\u00e9ticos | Idemag","robots":{"index":"index","follow":"follow","max-snippet":"max-snippet:-1","max-image-preview":"max-image-preview:large","max-video-preview":"max-video-preview:-1"},"canonical":"https:\/\/idemag.com\/producto\/lamina-magnetica-con-vinilo-blanco-mate-banda-ancha\/","og_locale":"de_DE","og_type":"article","og_title":"Magnetfolie mit breitem wei\u00dfem, mattem Vinylband - Fabricaci\u00f3n de sistemas magn\u00e9ticos | Idemag","og_description":"Das bedruckbare mattwei\u00dfe Vinyl ist auf der nicht-magnetischen Seite laminiert. Leicht anzubringen. Die Folie hat eine UV-geh\u00e4rtete Beschichtung auf der magnetischen Seite. Die Magnetfolien werden von Eisen angezogen. Sie lassen sich leicht anbringen, entfernen und austauschen, ohne R\u00fcckst\u00e4nde zu hinterlassen. Verschiedene Druckoptionen. Standard Abmessungen BREITE 1200 1270 1370 1524 LENGTH 15 20 30 DICHTE 0,3 [&hellip;]","og_url":"https:\/\/idemag.com\/producto\/lamina-magnetica-con-vinilo-blanco-mate-banda-ancha\/","og_site_name":"Fabricaci\u00f3n de sistemas magn\u00e9ticos | Idemag","article_publisher":"http:\/\/www.facebook.com\/pages\/IMANES-Y-DESARROLLOS-MAGNTICOS\/102898016414303","article_modified_time":"2024-09-13T07:06:10+00:00","og_image":[{"width":300,"height":300,"url":"https:\/\/idemag.com\/wp-content\/uploads\/2023\/06\/Lamina-magnetica-con-vinilo-blanco-mate-banda-ancha.jpg","type":"image\/jpeg"}],"twitter_card":"summary_large_image","twitter_misc":{"Gesch\u00e4tzte Lesezeit":"1\u00a0Minute"},"schema":{"@context":"https:\/\/schema.org","@graph":[{"@type":"WebPage","@id":"https:\/\/idemag.com\/producto\/lamina-magnetica-con-vinilo-blanco-mate-banda-ancha\/","url":"https:\/\/idemag.com\/producto\/lamina-magnetica-con-vinilo-blanco-mate-banda-ancha\/","name":"Magnetfolie mit breitem wei\u00dfem, mattem Vinylband - Fabricaci\u00f3n de sistemas magn\u00e9ticos | Idemag","isPartOf":{"@id":"https:\/\/idemag.com\/#website"},"primaryImageOfPage":{"@id":"https:\/\/idemag.com\/producto\/lamina-magnetica-con-vinilo-blanco-mate-banda-ancha\/#primaryimage"},"image":{"@id":"https:\/\/idemag.com\/producto\/lamina-magnetica-con-vinilo-blanco-mate-banda-ancha\/#primaryimage"},"thumbnailUrl":"https:\/\/idemag.com\/wp-content\/uploads\/2023\/06\/Lamina-magnetica-con-vinilo-blanco-mate-banda-ancha.jpg","datePublished":"2024-09-13T07:06:07+00:00","dateModified":"2024-09-13T07:06:10+00:00","breadcrumb":{"@id":"https:\/\/idemag.com\/producto\/lamina-magnetica-con-vinilo-blanco-mate-banda-ancha\/#breadcrumb"},"inLanguage":"de","potentialAction":[{"@type":"ReadAction","target":["https:\/\/idemag.com\/producto\/lamina-magnetica-con-vinilo-blanco-mate-banda-ancha\/"]}]},{"@type":"ImageObject","inLanguage":"de","@id":"https:\/\/idemag.com\/producto\/lamina-magnetica-con-vinilo-blanco-mate-banda-ancha\/#primaryimage","url":"https:\/\/idemag.com\/wp-content\/uploads\/2023\/06\/Lamina-magnetica-con-vinilo-blanco-mate-banda-ancha.jpg","contentUrl":"https:\/\/idemag.com\/wp-content\/uploads\/2023\/06\/Lamina-magnetica-con-vinilo-blanco-mate-banda-ancha.jpg","width":300,"height":300},{"@type":"BreadcrumbList","@id":"https:\/\/idemag.com\/producto\/lamina-magnetica-con-vinilo-blanco-mate-banda-ancha\/#breadcrumb","itemListElement":[{"@type":"ListItem","position":1,"name":"Home","item":"https:\/\/idemag.com\/de\/magnete-und-magnetische-entwicklungen\/"},{"@type":"ListItem","position":2,"name":"Magnetfolie mit breitem wei\u00dfem, mattem Vinylband"}]},{"@type":"WebSite","@id":"https:\/\/idemag.com\/#website","url":"https:\/\/idemag.com\/","name":"Fabricaci\u00f3n de sistemas magn\u00e9ticos | Idemag","description":"Desarrollo y fabricaci\u00f3n de imanes y sistemas magn\u00e9ticos a medida","publisher":{"@id":"https:\/\/idemag.com\/#organization"},"potentialAction":[{"@type":"SearchAction","target":{"@type":"EntryPoint","urlTemplate":"https:\/\/idemag.com\/?s={search_term_string}"},"query-input":{"@type":"PropertyValueSpecification","valueRequired":true,"valueName":"search_term_string"}}],"inLanguage":"de"},{"@type":"Organization","@id":"https:\/\/idemag.com\/#organization","name":"IDEMAG : Imanes y desarrollos magn\u00e9ticos S.L.","url":"https:\/\/idemag.com\/","logo":{"@type":"ImageObject","inLanguage":"de","@id":"https:\/\/idemag.com\/#\/schema\/logo\/image\/","url":"http:\/\/idemag.com\/wp-content\/uploads\/2022\/06\/logo-idemag-con-subtexto-2.png","contentUrl":"http:\/\/idemag.com\/wp-content\/uploads\/2022\/06\/logo-idemag-con-subtexto-2.png","width":1200,"height":374,"caption":"IDEMAG : Imanes y desarrollos magn\u00e9ticos S.L."},"image":{"@id":"https:\/\/idemag.com\/#\/schema\/logo\/image\/"},"sameAs":["http:\/\/www.facebook.com\/pages\/IMANES-Y-DESARROLLOS-MAGNTICOS\/102898016414303","http:\/\/www.youtube.com\/user\/idemag?feature=watch"]}]}},"_links":{"self":[{"href":"https:\/\/idemag.com\/de\/wp-json\/wp\/v2\/producto\/12735"}],"collection":[{"href":"https:\/\/idemag.com\/de\/wp-json\/wp\/v2\/producto"}],"about":[{"href":"https:\/\/idemag.com\/de\/wp-json\/wp\/v2\/types\/producto"}],"version-history":[{"count":1,"href":"https:\/\/idemag.com\/de\/wp-json\/wp\/v2\/producto\/12735\/revisions"}],"predecessor-version":[{"id":12736,"href":"https:\/\/idemag.com\/de\/wp-json\/wp\/v2\/producto\/12735\/revisions\/12736"}],"wp:featuredmedia":[{"embeddable":true,"href":"https:\/\/idemag.com\/de\/wp-json\/wp\/v2\/media\/23086"}],"wp:attachment":[{"href":"https:\/\/idemag.com\/de\/wp-json\/wp\/v2\/media?parent=12735"}],"wp:term":[{"taxonomy":"category","embeddable":true,"href":"https:\/\/idemag.com\/de\/wp-json\/wp\/v2\/categories?post=12735"},{"taxonomy":"post_tag","embeddable":true,"href":"https:\/\/idemag.com\/de\/wp-json\/wp\/v2\/tags?post=12735"}],"curies":[{"name":"wp","href":"https:\/\/api.w.org\/{rel}","templated":true}]}}