{"id":12737,"date":"2024-09-13T07:06:09","date_gmt":"2024-09-13T07:06:09","guid":{"rendered":"https:\/\/idemag.com\/producto\/magnetische-folie-mit-breitem-klebestreifen\/"},"modified":"2024-09-13T07:06:10","modified_gmt":"2024-09-13T07:06:10","slug":"magnetische-folie-mit-breitem-klebestreifen","status":"publish","type":"producto","link":"https:\/\/idemag.com\/de\/producto\/magnetische-folie-mit-breitem-klebestreifen\/","title":{"rendered":"Magnetische Folie mit breitem Klebestreifen"},"content":{"rendered":"\t\t<div data-elementor-type=\"wp-post\" data-elementor-id=\"12737\" class=\"elementor elementor-12737 elementor-5043\" data-elementor-post-type=\"producto\">\n\t\t\t\t\t\t<section class=\"elementor-section elementor-top-section elementor-element elementor-element-98dfb9e elementor-section-full_width elementor-section-height-default elementor-section-height-default\" data-id=\"98dfb9e\" data-element_type=\"section\" data-settings=\"{&quot;background_background&quot;:&quot;classic&quot;}\">\n\t\t\t\t\t\t<div class=\"elementor-container elementor-column-gap-default\">\n\t\t\t\t\t<div class=\"elementor-column elementor-col-100 elementor-top-column elementor-element elementor-element-adc340e\" data-id=\"adc340e\" data-element_type=\"column\" data-settings=\"{&quot;background_background&quot;:&quot;classic&quot;}\">\n\t\t\t<div class=\"elementor-widget-wrap elementor-element-populated\">\n\t\t\t\t\t<div class=\"elementor-background-overlay\"><\/div>\n\t\t\t\t\t\t<section class=\"elementor-section elementor-inner-section elementor-element elementor-element-c21973e elementor-section-boxed elementor-section-height-default elementor-section-height-default\" data-id=\"c21973e\" data-element_type=\"section\" data-settings=\"{&quot;background_background&quot;:&quot;classic&quot;}\">\n\t\t\t\t\t\t<div class=\"elementor-container elementor-column-gap-default\">\n\t\t\t\t\t<div class=\"elementor-column elementor-col-50 elementor-inner-column elementor-element elementor-element-13b67ef\" data-id=\"13b67ef\" data-element_type=\"column\">\n\t\t\t<div class=\"elementor-widget-wrap elementor-element-populated\">\n\t\t\t\t\t\t<div class=\"elementor-element elementor-element-5fbcf11 elementor-widget elementor-widget-heading\" data-id=\"5fbcf11\" data-element_type=\"widget\" data-widget_type=\"heading.default\">\n\t\t\t\t<div class=\"elementor-widget-container\">\n\t\t\t<h2 class=\"elementor-heading-title elementor-size-default\">Magnetische Folie mit breitem Klebestreifen<\/h2>\t\t<\/div>\n\t\t\t\t<\/div>\n\t\t\t\t<div class=\"elementor-element elementor-element-14c264b elementor-widget elementor-widget-text-editor\" data-id=\"14c264b\" data-element_type=\"widget\" data-widget_type=\"text-editor.default\">\n\t\t\t\t<div class=\"elementor-widget-container\">\n\t\t\t\t\t\t\t<p>Der Standardklebstoff ist ein l\u00f6sungsmittelbasierter druckempfindlicher Acrylklebstoff.<\/p>\n<p>Mit Klebstoff, der auf der nicht-magnetischen Seite auf Magnetfolien aufgeklebt ist.<\/p>\n<p>Einfach anzuwenden.<\/p>\n<p>Die Folie hat eine UV-geh\u00e4rtete Beschichtung auf der magnetischen Seite.<br \/>\nGeeignet f\u00fcr allgemeine Innenanwendungen. <\/p>\n\t\t\t\t\t\t<\/div>\n\t\t\t\t<\/div>\n\t\t\t\t\t<\/div>\n\t\t<\/div>\n\t\t\t\t<div class=\"elementor-column elementor-col-50 elementor-inner-column elementor-element elementor-element-e995db8\" data-id=\"e995db8\" data-element_type=\"column\">\n\t\t\t<div class=\"elementor-widget-wrap elementor-element-populated\">\n\t\t\t\t\t\t<div class=\"elementor-element elementor-element-a14ef8e elementor-widget elementor-widget-image\" data-id=\"a14ef8e\" data-element_type=\"widget\" data-widget_type=\"image.default\">\n\t\t\t\t<div class=\"elementor-widget-container\">\n\t\t\t\t\t\t\t\t\t\t\t\t\t<img fetchpriority=\"high\" decoding=\"async\" width=\"300\" height=\"300\" src=\"https:\/\/idemag.com\/wp-content\/uploads\/2023\/06\/Lamina-magnetica-con-adhesivo-banda-ancha.jpg\" class=\"attachment-full size-full wp-image-5114\" alt=\"\" srcset=\"https:\/\/idemag.com\/wp-content\/uploads\/2023\/06\/Lamina-magnetica-con-adhesivo-banda-ancha.jpg 300w, https:\/\/idemag.com\/wp-content\/uploads\/2023\/06\/Lamina-magnetica-con-adhesivo-banda-ancha-150x150.jpg 150w\" sizes=\"(max-width: 300px) 100vw, 300px\" \/>\t\t\t\t\t\t\t\t\t\t\t\t\t<\/div>\n\t\t\t\t<\/div>\n\t\t\t\t\t<\/div>\n\t\t<\/div>\n\t\t\t\t\t<\/div>\n\t\t<\/section>\n\t\t\t\t\t<\/div>\n\t\t<\/div>\n\t\t\t\t\t<\/div>\n\t\t<\/section>\n\t\t\t\t<section class=\"elementor-section elementor-top-section elementor-element elementor-element-2f0485b elementor-section-boxed elementor-section-height-default elementor-section-height-default\" data-id=\"2f0485b\" data-element_type=\"section\">\n\t\t\t\t\t\t<div class=\"elementor-container elementor-column-gap-default\">\n\t\t\t\t\t<div class=\"elementor-column elementor-col-100 elementor-top-column elementor-element elementor-element-a9e5884\" data-id=\"a9e5884\" data-element_type=\"column\">\n\t\t\t<div class=\"elementor-widget-wrap elementor-element-populated\">\n\t\t\t\t\t\t<div class=\"elementor-element elementor-element-ec403ad elementor-widget elementor-widget-text-editor\" data-id=\"ec403ad\" data-element_type=\"widget\" data-widget_type=\"text-editor.default\">\n\t\t\t\t<div class=\"elementor-widget-container\">\n\t\t\t\t\t\t\t<h3>Standard Abmessungen<\/h3>\n<br>\n<table class=\"tablaProductos\">\n<thead>\n<tr>\n<th>STANDARDBREITEN<\/th><th>400<\/th><th>620<\/th><th>1000<\/th><th>1200<\/th>\n<th><\/th>\n<th><\/th>\n<th><\/th>\n<\/tr>\n<\/thead>\n<tbody>\n<tr>\n<td>STANDARDL\u00c4NGE<\/td><td>15<\/td><td>20<\/td><td>30<\/td><td>40<\/td>\n<td><\/td>\n<td><\/td>\n<td><\/td>\n<\/tr>\n<tr>\n<td>STANDARDDICKE<\/td>\n<td>0,3<\/td>\n<td>0,4<\/td>\n<td>0,5<\/td>\n<td>0,7<\/td>\n<td>0,8<\/td>\n<td>0,9<\/td>\n<td>1<\/td>\n<\/tr>\n<\/tbody>\n<\/table>\t\t\t\t\t\t<\/div>\n\t\t\t\t<\/div>\n\t\t\t\t<div class=\"elementor-element elementor-element-a89ba01 elementor-widget elementor-widget-text-editor\" data-id=\"a89ba01\" data-element_type=\"widget\" data-widget_type=\"text-editor.default\">\n\t\t\t\t<div class=\"elementor-widget-container\">\n\t\t\t\t\t\t\t<p><strong>Anmerkungen:<\/strong><\/p>\n<ol>\n<li>Nicht f\u00fcr die Verwendung auf Kunststoffsubstraten empfohlen.<\/li>\n<li>Der Benutzer muss die Leistung auf einer Oberfl\u00e4che testen, bevor er sie produziert.<\/li>\n<\/ol>\n\t\t\t\t\t\t<\/div>\n\t\t\t\t<\/div>\n\t\t\t\t\t<\/div>\n\t\t<\/div>\n\t\t\t\t\t<\/div>\n\t\t<\/section>\n\t\t\t\t<section class=\"elementor-section elementor-top-section elementor-element elementor-element-e721eff elementor-section-boxed elementor-section-height-default elementor-section-height-default\" data-id=\"e721eff\" data-element_type=\"section\">\n\t\t\t\t\t\t<div class=\"elementor-container elementor-column-gap-default\">\n\t\t\t\t\t<div class=\"elementor-column elementor-col-100 elementor-top-column elementor-element elementor-element-07c1285\" data-id=\"07c1285\" data-element_type=\"column\">\n\t\t\t<div class=\"elementor-widget-wrap elementor-element-populated\">\n\t\t\t\t\t\t<div class=\"elementor-element elementor-element-6f1dcf1 elementor-widget elementor-widget-eael-adv-tabs\" data-id=\"6f1dcf1\" data-element_type=\"widget\" data-widget_type=\"eael-adv-tabs.default\">\n\t\t\t\t<div class=\"elementor-widget-container\">\n\t\t\t        <div data-scroll-on-click=\"no\" data-scroll-speed=\"300\" id=\"eael-advance-tabs-6f1dcf1\" class=\"eael-advance-tabs eael-tabs-horizontal eael-tab-auto-active \" data-tabid=\"6f1dcf1\">\n            <div class=\"eael-tabs-nav\">\n                <ul class=\"\" role=\"tablist\">\n                                            <li id=\"physikalische-eigenschaften\" class=\"inactive eael-tab-item-trigger eael-tab-nav-item\" aria-selected=\"true\" data-tab=\"1\" role=\"tab\" tabindex=\"0\" aria-controls=\"physikalische-eigenschaften-tab\" aria-expanded=\"false\">\n                            \n                            \n                            \n                                                            <span class=\"eael-tab-title title-after-icon\" >PHYSIKALISCHE EIGENSCHAFTEN<\/span>                                                    <\/li>\n                                            <li id=\"verarbeitung-und-lagerung\" class=\"inactive eael-tab-item-trigger eael-tab-nav-item\" aria-selected=\"false\" data-tab=\"2\" role=\"tab\" tabindex=\"-1\" aria-controls=\"verarbeitung-und-lagerung-tab\" aria-expanded=\"false\">\n                            \n                            \n                            \n                                                            <span class=\"eael-tab-title title-after-icon\" >VERARBEITUNG UND LAGERUNG<\/span>                                                    <\/li>\n                                            <li id=\"produktionsschema\" class=\"inactive eael-tab-item-trigger eael-tab-nav-item\" aria-selected=\"false\" data-tab=\"3\" role=\"tab\" tabindex=\"-1\" aria-controls=\"produktionsschema-tab\" aria-expanded=\"false\">\n                            \n                            \n                            \n                                                            <span class=\"eael-tab-title title-after-icon\" >PRODUKTIONSSCHEMA<\/span>                                                    <\/li>\n                                            <li id=\"daten-des-klebstoffs\" class=\"inactive eael-tab-item-trigger eael-tab-nav-item\" aria-selected=\"false\" data-tab=\"4\" role=\"tab\" tabindex=\"-1\" aria-controls=\"daten-des-klebstoffs-tab\" aria-expanded=\"false\">\n                            \n                            \n                            \n                                                            <span class=\"eael-tab-title title-after-icon\" >DATEN DES KLEBSTOFFS<\/span>                                                    <\/li>\n                                    <\/ul>\n            <\/div>\n            \n            <div class=\"eael-tabs-content\">\n\t\t        \n                    <div id=\"physikalische-eigenschaften-tab\" class=\"clearfix eael-tab-content-item inactive\" data-title-link=\"physikalische-eigenschaften-tab\">\n\t\t\t\t        <p><strong>Flexibilit\u00e4t:<\/strong> Kann bei 20\u00b0C um einen Stab mit einem Radius von 12 mm gewickelt werden, ohne zu rei\u00dfen.<\/p>\n<p>Sie lassen sich leicht mit einer Schere, einem Cutter, einer Stanzform usw. schneiden.<\/p>\n                    <\/div>\n\t\t        \n                    <div id=\"verarbeitung-und-lagerung-tab\" class=\"clearfix eael-tab-content-item inactive\" data-title-link=\"verarbeitung-und-lagerung-tab\">\n\t\t\t\t        <p>A<strong>rbeitsbedingungen:<\/strong> Temp.<br \/>\n10\u00baC bis +35\u00baC.<br \/>\nRelative Luftfeuchtigkeit von 30% bis 60%.  <\/p>\n<p>A<strong>nwendungsbedingungen:<\/strong> Die Temperaturschwankungen liegen innerhalb von 40\u00b0 pro Tag.<\/p>\n<p>L<strong>agerungsbedingungen:<\/strong> In einem geschlossenen Lagerhaus unter Vermeidung von Sonnenlicht, Temperatur zwischen 10 und 35, relative Luftfeuchtigkeit zwischen 20% und 70%.<\/p>\n<p>H<strong>altbarkeit:<\/strong> 12 Monate. Unfertige Produkte sollten umverpackt und unter normalen Lagerbedingungen aufbewahrt werden.<\/p>\n                    <\/div>\n\t\t        \n                    <div id=\"produktionsschema-tab\" class=\"clearfix eael-tab-content-item inactive\" data-title-link=\"produktionsschema-tab\">\n\t\t\t\t        <p><img decoding=\"async\" class=\"size-medium wp-image-5385 aligncenter\" src=\"http:\/\/idemag.com\/wp-content\/uploads\/2023\/06\/esquema_fabricacion_lamina_adhesivo-300x87.jpg\" alt=\"\" width=\"300\" height=\"87\" srcset=\"https:\/\/idemag.com\/wp-content\/uploads\/2023\/06\/esquema_fabricacion_lamina_adhesivo-300x87.jpg 300w, https:\/\/idemag.com\/wp-content\/uploads\/2023\/06\/esquema_fabricacion_lamina_adhesivo-1024x296.jpg 1024w, https:\/\/idemag.com\/wp-content\/uploads\/2023\/06\/esquema_fabricacion_lamina_adhesivo-768x222.jpg 768w, https:\/\/idemag.com\/wp-content\/uploads\/2023\/06\/esquema_fabricacion_lamina_adhesivo-1536x444.jpg 1536w, https:\/\/idemag.com\/wp-content\/uploads\/2023\/06\/esquema_fabricacion_lamina_adhesivo-350x100.jpg 350w, https:\/\/idemag.com\/wp-content\/uploads\/2023\/06\/esquema_fabricacion_lamina_adhesivo.jpg 1616w\" sizes=\"(max-width: 300px) 100vw, 300px\" \/><\/p>\n                    <\/div>\n\t\t        \n                    <div id=\"daten-des-klebstoffs-tab\" class=\"clearfix eael-tab-content-item inactive\" data-title-link=\"daten-des-klebstoffs-tab\">\n\t\t\t\t        <p><strong>Klebstoff:<\/strong> Ein d\u00fcnner, l\u00f6sungsmittelbasierter Acrylatklebstoff mit mittlerer Klebkraft und Klebrigkeit, aber geringen Schereigenschaften.<\/p>\n<\/p>\n<table>\n<thead>\n<tr>\n<th>Daten zum Klebstoff<\/th>\n<th>Einheit<\/th>\n<th>Wert<\/th>\n<th>Testverfahren<\/th>\n<\/tr>\n<\/thead>\n<tbody>\n<tr>\n<td>180\u00b0C Sch\u00e4len auf rostfreiem Stahl<\/td>\n<td>N \/ 25 mm<\/td>\n<td>\u2265 10<\/td>\n<td>GB\/T2792-1998<\/td>\n<\/tr>\n<tr>\n<td>Messung der statischen Scherhaftung<\/td>\n<td>min\/24*24mm<\/td>\n<td>\u2265 90<\/td>\n<td>GB\/T4851-1998<\/td>\n<\/tr>\n<\/tbody>\n<\/table>\n                    <\/div>\n\t\t                    <\/div>\n        <\/div>\n\t\t<\/div>\n\t\t\t\t<\/div>\n\t\t\t\t\t<\/div>\n\t\t<\/div>\n\t\t\t\t\t<\/div>\n\t\t<\/section>\n\t\t\t\t<\/div>\n\t\t","protected":false},"excerpt":{"rendered":"<p>Der Standardklebstoff ist ein l\u00f6sungsmittelbasierter druckempfindlicher Acrylklebstoff. Mit Klebstoff, der auf der nicht-magnetischen Seite auf Magnetfolien aufgeklebt ist. Einfach anzuwenden. Die Folie hat eine UV-geh\u00e4rtete Beschichtung auf der magnetischen Seite. Geeignet f\u00fcr allgemeine Innenanwendungen. Standard Abmessungen STANDARDBREITEN 400 620 1000 1200 STANDARDL\u00c4NGE 15 20 30 40 STANDARDDICKE 0,3 0,4 0,5 0,7 0,8 0,9 1 Anmerkungen: [&hellip;]<\/p>\n","protected":false},"featured_media":23085,"template":"elementor_header_footer","categories":[144],"tags":[],"class_list":["post-12737","producto","type-producto","status-publish","has-post-thumbnail","hentry","category-flexible-magnete-mit-breitem-band"],"yoast_head":"<!-- This site is optimized with the Yoast SEO plugin v23.7 - https:\/\/yoast.com\/wordpress\/plugins\/seo\/ -->\n<title>Magnetische Folie mit breitem Klebestreifen - Fabricaci\u00f3n de sistemas magn\u00e9ticos | Idemag<\/title>\n<meta name=\"robots\" content=\"index, follow, max-snippet:-1, max-image-preview:large, max-video-preview:-1\" \/>\n<link rel=\"canonical\" href=\"https:\/\/idemag.com\/producto\/lamina-magnetica-con-adhesivo-banda-ancha\/\" \/>\n<meta property=\"og:locale\" content=\"de_DE\" \/>\n<meta property=\"og:type\" content=\"article\" \/>\n<meta property=\"og:title\" content=\"Magnetische Folie mit breitem Klebestreifen - Fabricaci\u00f3n de sistemas magn\u00e9ticos | Idemag\" \/>\n<meta property=\"og:description\" content=\"Der Standardklebstoff ist ein l\u00f6sungsmittelbasierter druckempfindlicher Acrylklebstoff. Mit Klebstoff, der auf der nicht-magnetischen Seite auf Magnetfolien aufgeklebt ist. Einfach anzuwenden. Die Folie hat eine UV-geh\u00e4rtete Beschichtung auf der magnetischen Seite. Geeignet f\u00fcr allgemeine Innenanwendungen. Standard Abmessungen STANDARDBREITEN 400 620 1000 1200 STANDARDL\u00c4NGE 15 20 30 40 STANDARDDICKE 0,3 0,4 0,5 0,7 0,8 0,9 1 Anmerkungen: [&hellip;]\" \/>\n<meta property=\"og:url\" content=\"https:\/\/idemag.com\/producto\/lamina-magnetica-con-adhesivo-banda-ancha\/\" \/>\n<meta property=\"og:site_name\" content=\"Fabricaci\u00f3n de sistemas magn\u00e9ticos | Idemag\" \/>\n<meta property=\"article:publisher\" content=\"http:\/\/www.facebook.com\/pages\/IMANES-Y-DESARROLLOS-MAGNTICOS\/102898016414303\" \/>\n<meta property=\"article:modified_time\" content=\"2024-09-13T07:06:10+00:00\" \/>\n<meta property=\"og:image\" content=\"https:\/\/idemag.com\/wp-content\/uploads\/2023\/06\/Lamina-magnetica-con-adhesivo-banda-ancha.jpg\" \/>\n\t<meta property=\"og:image:width\" content=\"300\" \/>\n\t<meta property=\"og:image:height\" content=\"300\" \/>\n\t<meta property=\"og:image:type\" content=\"image\/jpeg\" \/>\n<meta name=\"twitter:card\" content=\"summary_large_image\" \/>\n<meta name=\"twitter:label1\" content=\"Gesch\u00e4tzte Lesezeit\" \/>\n\t<meta name=\"twitter:data1\" content=\"1\u00a0Minute\" \/>\n<script type=\"application\/ld+json\" class=\"yoast-schema-graph\">{\"@context\":\"https:\/\/schema.org\",\"@graph\":[{\"@type\":\"WebPage\",\"@id\":\"https:\/\/idemag.com\/producto\/lamina-magnetica-con-adhesivo-banda-ancha\/\",\"url\":\"https:\/\/idemag.com\/producto\/lamina-magnetica-con-adhesivo-banda-ancha\/\",\"name\":\"Magnetische Folie mit breitem Klebestreifen - Fabricaci\u00f3n de sistemas magn\u00e9ticos | Idemag\",\"isPartOf\":{\"@id\":\"https:\/\/idemag.com\/#website\"},\"primaryImageOfPage\":{\"@id\":\"https:\/\/idemag.com\/producto\/lamina-magnetica-con-adhesivo-banda-ancha\/#primaryimage\"},\"image\":{\"@id\":\"https:\/\/idemag.com\/producto\/lamina-magnetica-con-adhesivo-banda-ancha\/#primaryimage\"},\"thumbnailUrl\":\"https:\/\/idemag.com\/wp-content\/uploads\/2023\/06\/Lamina-magnetica-con-adhesivo-banda-ancha.jpg\",\"datePublished\":\"2024-09-13T07:06:09+00:00\",\"dateModified\":\"2024-09-13T07:06:10+00:00\",\"breadcrumb\":{\"@id\":\"https:\/\/idemag.com\/producto\/lamina-magnetica-con-adhesivo-banda-ancha\/#breadcrumb\"},\"inLanguage\":\"de\",\"potentialAction\":[{\"@type\":\"ReadAction\",\"target\":[\"https:\/\/idemag.com\/producto\/lamina-magnetica-con-adhesivo-banda-ancha\/\"]}]},{\"@type\":\"ImageObject\",\"inLanguage\":\"de\",\"@id\":\"https:\/\/idemag.com\/producto\/lamina-magnetica-con-adhesivo-banda-ancha\/#primaryimage\",\"url\":\"https:\/\/idemag.com\/wp-content\/uploads\/2023\/06\/Lamina-magnetica-con-adhesivo-banda-ancha.jpg\",\"contentUrl\":\"https:\/\/idemag.com\/wp-content\/uploads\/2023\/06\/Lamina-magnetica-con-adhesivo-banda-ancha.jpg\",\"width\":300,\"height\":300},{\"@type\":\"BreadcrumbList\",\"@id\":\"https:\/\/idemag.com\/producto\/lamina-magnetica-con-adhesivo-banda-ancha\/#breadcrumb\",\"itemListElement\":[{\"@type\":\"ListItem\",\"position\":1,\"name\":\"Home\",\"item\":\"https:\/\/idemag.com\/de\/magnete-und-magnetische-entwicklungen\/\"},{\"@type\":\"ListItem\",\"position\":2,\"name\":\"Magnetische Folie mit breitem Klebestreifen\"}]},{\"@type\":\"WebSite\",\"@id\":\"https:\/\/idemag.com\/#website\",\"url\":\"https:\/\/idemag.com\/\",\"name\":\"Fabricaci\u00f3n de sistemas magn\u00e9ticos | Idemag\",\"description\":\"Desarrollo y fabricaci\u00f3n de imanes y sistemas magn\u00e9ticos a medida\",\"publisher\":{\"@id\":\"https:\/\/idemag.com\/#organization\"},\"potentialAction\":[{\"@type\":\"SearchAction\",\"target\":{\"@type\":\"EntryPoint\",\"urlTemplate\":\"https:\/\/idemag.com\/?s={search_term_string}\"},\"query-input\":{\"@type\":\"PropertyValueSpecification\",\"valueRequired\":true,\"valueName\":\"search_term_string\"}}],\"inLanguage\":\"de\"},{\"@type\":\"Organization\",\"@id\":\"https:\/\/idemag.com\/#organization\",\"name\":\"IDEMAG : Imanes y desarrollos magn\u00e9ticos S.L.\",\"url\":\"https:\/\/idemag.com\/\",\"logo\":{\"@type\":\"ImageObject\",\"inLanguage\":\"de\",\"@id\":\"https:\/\/idemag.com\/#\/schema\/logo\/image\/\",\"url\":\"http:\/\/idemag.com\/wp-content\/uploads\/2022\/06\/logo-idemag-con-subtexto-2.png\",\"contentUrl\":\"http:\/\/idemag.com\/wp-content\/uploads\/2022\/06\/logo-idemag-con-subtexto-2.png\",\"width\":1200,\"height\":374,\"caption\":\"IDEMAG : Imanes y desarrollos magn\u00e9ticos S.L.\"},\"image\":{\"@id\":\"https:\/\/idemag.com\/#\/schema\/logo\/image\/\"},\"sameAs\":[\"http:\/\/www.facebook.com\/pages\/IMANES-Y-DESARROLLOS-MAGNTICOS\/102898016414303\",\"http:\/\/www.youtube.com\/user\/idemag?feature=watch\"]}]}<\/script>\n<!-- \/ Yoast SEO plugin. -->","yoast_head_json":{"title":"Magnetische Folie mit breitem Klebestreifen - Fabricaci\u00f3n de sistemas magn\u00e9ticos | Idemag","robots":{"index":"index","follow":"follow","max-snippet":"max-snippet:-1","max-image-preview":"max-image-preview:large","max-video-preview":"max-video-preview:-1"},"canonical":"https:\/\/idemag.com\/producto\/lamina-magnetica-con-adhesivo-banda-ancha\/","og_locale":"de_DE","og_type":"article","og_title":"Magnetische Folie mit breitem Klebestreifen - Fabricaci\u00f3n de sistemas magn\u00e9ticos | Idemag","og_description":"Der Standardklebstoff ist ein l\u00f6sungsmittelbasierter druckempfindlicher Acrylklebstoff. Mit Klebstoff, der auf der nicht-magnetischen Seite auf Magnetfolien aufgeklebt ist. Einfach anzuwenden. Die Folie hat eine UV-geh\u00e4rtete Beschichtung auf der magnetischen Seite. Geeignet f\u00fcr allgemeine Innenanwendungen. Standard Abmessungen STANDARDBREITEN 400 620 1000 1200 STANDARDL\u00c4NGE 15 20 30 40 STANDARDDICKE 0,3 0,4 0,5 0,7 0,8 0,9 1 Anmerkungen: [&hellip;]","og_url":"https:\/\/idemag.com\/producto\/lamina-magnetica-con-adhesivo-banda-ancha\/","og_site_name":"Fabricaci\u00f3n de sistemas magn\u00e9ticos | Idemag","article_publisher":"http:\/\/www.facebook.com\/pages\/IMANES-Y-DESARROLLOS-MAGNTICOS\/102898016414303","article_modified_time":"2024-09-13T07:06:10+00:00","og_image":[{"width":300,"height":300,"url":"https:\/\/idemag.com\/wp-content\/uploads\/2023\/06\/Lamina-magnetica-con-adhesivo-banda-ancha.jpg","type":"image\/jpeg"}],"twitter_card":"summary_large_image","twitter_misc":{"Gesch\u00e4tzte Lesezeit":"1\u00a0Minute"},"schema":{"@context":"https:\/\/schema.org","@graph":[{"@type":"WebPage","@id":"https:\/\/idemag.com\/producto\/lamina-magnetica-con-adhesivo-banda-ancha\/","url":"https:\/\/idemag.com\/producto\/lamina-magnetica-con-adhesivo-banda-ancha\/","name":"Magnetische Folie mit breitem Klebestreifen - Fabricaci\u00f3n de sistemas magn\u00e9ticos | Idemag","isPartOf":{"@id":"https:\/\/idemag.com\/#website"},"primaryImageOfPage":{"@id":"https:\/\/idemag.com\/producto\/lamina-magnetica-con-adhesivo-banda-ancha\/#primaryimage"},"image":{"@id":"https:\/\/idemag.com\/producto\/lamina-magnetica-con-adhesivo-banda-ancha\/#primaryimage"},"thumbnailUrl":"https:\/\/idemag.com\/wp-content\/uploads\/2023\/06\/Lamina-magnetica-con-adhesivo-banda-ancha.jpg","datePublished":"2024-09-13T07:06:09+00:00","dateModified":"2024-09-13T07:06:10+00:00","breadcrumb":{"@id":"https:\/\/idemag.com\/producto\/lamina-magnetica-con-adhesivo-banda-ancha\/#breadcrumb"},"inLanguage":"de","potentialAction":[{"@type":"ReadAction","target":["https:\/\/idemag.com\/producto\/lamina-magnetica-con-adhesivo-banda-ancha\/"]}]},{"@type":"ImageObject","inLanguage":"de","@id":"https:\/\/idemag.com\/producto\/lamina-magnetica-con-adhesivo-banda-ancha\/#primaryimage","url":"https:\/\/idemag.com\/wp-content\/uploads\/2023\/06\/Lamina-magnetica-con-adhesivo-banda-ancha.jpg","contentUrl":"https:\/\/idemag.com\/wp-content\/uploads\/2023\/06\/Lamina-magnetica-con-adhesivo-banda-ancha.jpg","width":300,"height":300},{"@type":"BreadcrumbList","@id":"https:\/\/idemag.com\/producto\/lamina-magnetica-con-adhesivo-banda-ancha\/#breadcrumb","itemListElement":[{"@type":"ListItem","position":1,"name":"Home","item":"https:\/\/idemag.com\/de\/magnete-und-magnetische-entwicklungen\/"},{"@type":"ListItem","position":2,"name":"Magnetische Folie mit breitem Klebestreifen"}]},{"@type":"WebSite","@id":"https:\/\/idemag.com\/#website","url":"https:\/\/idemag.com\/","name":"Fabricaci\u00f3n de sistemas magn\u00e9ticos | Idemag","description":"Desarrollo y fabricaci\u00f3n de imanes y sistemas magn\u00e9ticos a medida","publisher":{"@id":"https:\/\/idemag.com\/#organization"},"potentialAction":[{"@type":"SearchAction","target":{"@type":"EntryPoint","urlTemplate":"https:\/\/idemag.com\/?s={search_term_string}"},"query-input":{"@type":"PropertyValueSpecification","valueRequired":true,"valueName":"search_term_string"}}],"inLanguage":"de"},{"@type":"Organization","@id":"https:\/\/idemag.com\/#organization","name":"IDEMAG : Imanes y desarrollos magn\u00e9ticos S.L.","url":"https:\/\/idemag.com\/","logo":{"@type":"ImageObject","inLanguage":"de","@id":"https:\/\/idemag.com\/#\/schema\/logo\/image\/","url":"http:\/\/idemag.com\/wp-content\/uploads\/2022\/06\/logo-idemag-con-subtexto-2.png","contentUrl":"http:\/\/idemag.com\/wp-content\/uploads\/2022\/06\/logo-idemag-con-subtexto-2.png","width":1200,"height":374,"caption":"IDEMAG : Imanes y desarrollos magn\u00e9ticos S.L."},"image":{"@id":"https:\/\/idemag.com\/#\/schema\/logo\/image\/"},"sameAs":["http:\/\/www.facebook.com\/pages\/IMANES-Y-DESARROLLOS-MAGNTICOS\/102898016414303","http:\/\/www.youtube.com\/user\/idemag?feature=watch"]}]}},"_links":{"self":[{"href":"https:\/\/idemag.com\/de\/wp-json\/wp\/v2\/producto\/12737"}],"collection":[{"href":"https:\/\/idemag.com\/de\/wp-json\/wp\/v2\/producto"}],"about":[{"href":"https:\/\/idemag.com\/de\/wp-json\/wp\/v2\/types\/producto"}],"version-history":[{"count":1,"href":"https:\/\/idemag.com\/de\/wp-json\/wp\/v2\/producto\/12737\/revisions"}],"predecessor-version":[{"id":12738,"href":"https:\/\/idemag.com\/de\/wp-json\/wp\/v2\/producto\/12737\/revisions\/12738"}],"wp:featuredmedia":[{"embeddable":true,"href":"https:\/\/idemag.com\/de\/wp-json\/wp\/v2\/media\/23085"}],"wp:attachment":[{"href":"https:\/\/idemag.com\/de\/wp-json\/wp\/v2\/media?parent=12737"}],"wp:term":[{"taxonomy":"category","embeddable":true,"href":"https:\/\/idemag.com\/de\/wp-json\/wp\/v2\/categories?post=12737"},{"taxonomy":"post_tag","embeddable":true,"href":"https:\/\/idemag.com\/de\/wp-json\/wp\/v2\/tags?post=12737"}],"curies":[{"name":"wp","href":"https:\/\/api.w.org\/{rel}","templated":true}]}}