{"id":4443,"date":"2022-11-11T11:28:03","date_gmt":"2022-11-11T11:28:03","guid":{"rendered":"https:\/\/idemag.com\/avis-juridique\/"},"modified":"2026-07-02T07:39:57","modified_gmt":"2026-07-02T07:39:57","slug":"avis-juridique","status":"publish","type":"page","link":"https:\/\/idemag.com\/fr\/avis-juridique\/","title":{"rendered":"Avis Juridique"},"content":{"rendered":"\t\t<div data-elementor-type=\"wp-page\" data-elementor-id=\"4443\" class=\"elementor elementor-4443 elementor-3582\" data-elementor-post-type=\"page\">\n\t\t\t\t\t\t<section class=\"elementor-section elementor-top-section elementor-element elementor-element-795cf7f elementor-section-boxed elementor-section-height-default elementor-section-height-default\" data-id=\"795cf7f\" data-element_type=\"section\" data-settings=\"{&quot;background_background&quot;:&quot;classic&quot;}\">\n\t\t\t\t\t\t<div class=\"elementor-container elementor-column-gap-default\">\n\t\t\t\t\t<div class=\"elementor-column elementor-col-100 elementor-top-column elementor-element elementor-element-4d6fc9a\" data-id=\"4d6fc9a\" data-element_type=\"column\" data-settings=\"{&quot;background_background&quot;:&quot;classic&quot;}\">\n\t\t\t<div class=\"elementor-widget-wrap elementor-element-populated\">\n\t\t\t\t\t\t<div class=\"elementor-element elementor-element-61ebd6a elementor-widget elementor-widget-heading\" data-id=\"61ebd6a\" data-element_type=\"widget\" data-widget_type=\"heading.default\">\n\t\t\t\t<div class=\"elementor-widget-container\">\n\t\t\t<h1 class=\"elementor-heading-title elementor-size-default\">AVIS JURIDIQUE<\/h1>\t\t<\/div>\n\t\t\t\t<\/div>\n\t\t\t\t\t<\/div>\n\t\t<\/div>\n\t\t\t\t\t<\/div>\n\t\t<\/section>\n\t\t\t\t<section class=\"elementor-section elementor-top-section elementor-element elementor-element-cedf8e7 elementor-section-boxed elementor-section-height-default elementor-section-height-default\" data-id=\"cedf8e7\" data-element_type=\"section\">\n\t\t\t\t\t\t<div class=\"elementor-container elementor-column-gap-default\">\n\t\t\t\t\t<div class=\"elementor-column elementor-col-100 elementor-top-column elementor-element elementor-element-bca870a\" data-id=\"bca870a\" data-element_type=\"column\">\n\t\t\t<div class=\"elementor-widget-wrap elementor-element-populated\">\n\t\t\t\t\t\t<div class=\"elementor-element elementor-element-d7c66c1 elementor-widget elementor-widget-text-editor\" data-id=\"d7c66c1\" data-element_type=\"widget\" data-widget_type=\"text-editor.default\">\n\t\t\t\t<div class=\"elementor-widget-container\">\n\t\t\t\t\t\t\t<table>\n<tbody>\n<tr>\n<td colspan=\"3\"><strong>PROPRI\u00c9TAIRE DU SITE WEB<\/strong><\/td>\n<\/tr>\n<tr>\n<td colspan=\"3\">NOM DE L&rsquo;ENTREPRISE : Imanes y Desarrollos Magn\u00e9ticos S.L.<\/td>\n<\/tr>\n<tr>\n<td colspan=\"3\">NIF: B61747721<\/td>\n<\/tr>\n<tr>\n<td colspan=\"3\">ADRESSE SOCIALE Pol. Ind. Llobregat -C\/ Bari, Nave 4<\/p>\n<p>08755 Castellbisbal (Barcelone) &#8211; Espagne<\/td>\n<\/tr>\n<tr>\n<td rowspan=\"2\">CONTACT\u00a0:<\/td>\n<td>T\u00e9l\u00e9phone\u00a0:<\/td>\n<td>+34 93 302 27 50<\/td>\n<\/tr>\n<tr>\n<td>E-mail\u00a0:<\/td>\n<td>idemag@idemag.com<\/td>\n<\/tr>\n<\/tbody>\n<\/table>\n<p>&nbsp;<\/p>\n<ol>\n<li><strong> DONN\u00c9ES D&rsquo;IDENTIFICATION<\/strong><\/li>\n<\/ol>\n<p>Conform\u00e9ment \u00e0 l&rsquo;obligation d&rsquo;information contenue dans l&rsquo;article 10 de la loi 34\/2002 du 11 juillet sur les services de la soci\u00e9t\u00e9 de l&rsquo;information et du commerce \u00e9lectronique, les donn\u00e9es suivantes sont refl\u00e9t\u00e9es ci-dessous\u00a0: la soci\u00e9t\u00e9 propri\u00e9taire du domaine Web idemag. com est Imanes y Desarrollos Magn\u00e9ticos S.L. (ci-apr\u00e8s Idemag), domicili\u00e9 \u00e0 ces fins \u00e0 Pol. Ind. Llobregat -C\/ Bari, Nave 4 -08755 Castellbisbal (Barcelone) &#8211; Espagne Num\u00e9ro C.I.F. : B61747721 . Contact email : idemag@idemag.com du site.<\/p>\n<p>&nbsp;<\/p>\n<ol start=\"2\">\n<li><strong> UTILISATEURS<\/strong><\/li>\n<\/ol>\n<p>L&rsquo;acc\u00e8s et\/ou l&rsquo;utilisation de ce portail IDEMAG attribue la condition d&rsquo;UTILISATEUR, qui accepte, \u00e0 partir dudit acc\u00e8s et\/ou utilisation, les Conditions G\u00e9n\u00e9rales d&rsquo;Utilisation refl\u00e9t\u00e9es ici. Les Conditions susmentionn\u00e9es seront applicables ind\u00e9pendamment des Conditions G\u00e9n\u00e9rales du Contrat qui, dans leur cas, sont obligatoires.<\/p>\n<p>&nbsp;<\/p>\n<ol start=\"3\">\n<li><strong> UTILISATION DU WEB<\/strong><\/li>\n<\/ol>\n<p>idemag.com donne acc\u00e8s \u00e0 une multitude d&rsquo;informations, de services, de programmes ou de donn\u00e9es (ci-apr\u00e8s, le \u00ab\u00a0contenu\u00a0\u00bb) sur Internet appartenant \u00e0 IDEMAG ou \u00e0 ses conc\u00e9dants auxquels l&rsquo;UTILISATEUR peut avoir acc\u00e8s.<\/p>\n<p>L&rsquo;UTILISATEUR assume la responsabilit\u00e9 de l&rsquo;utilisation du portail. Cette responsabilit\u00e9 s&rsquo;\u00e9tend \u00e0 l&rsquo;inscription n\u00e9cessaire pour acc\u00e9der \u00e0 certains services ou contenus.<\/p>\n<p>Dans ledit registre, l&rsquo;UTILISATEUR sera responsable de fournir des informations v\u00e9ridiques et licites. \u00c0 la suite de cet enregistrement, l&rsquo;UTILISATEUR pourra se voir attribuer un mot de passe dont il sera responsable, s&rsquo;engageant \u00e0 en faire un usage diligent et confidentiel.<\/p>\n<p>L&rsquo;UTILISATEUR s&rsquo;engage \u00e0 faire un usage appropri\u00e9 du contenu et des services (tels que les services de chat, les forums de discussion ou les groupes de discussion) qu&rsquo;IDEMAG, cr\u00e9ateur du site Web, propose via son portail et \u00e0 titre d&rsquo;exemple mais non limitatif, \u00e0 ne pas utiliser eux pour<\/p>\n<p><strong>(i)<\/strong> se livrer \u00e0 des activit\u00e9s ill\u00e9gales, ill\u00e9gales ou contraires \u00e0 la bonne foi et \u00e0 l&rsquo;ordre public\u00a0;<\/p>\n<p><strong>(ii)<\/strong> diffuser du contenu ou de la propagande \u00e0 caract\u00e8re raciste, x\u00e9nophobe, pornographique-ill\u00e9gal, faisant l&rsquo;apologie du terrorisme ou portant atteinte aux droits de l&rsquo;homme\u00a0;<\/p>\n<p><strong>(iii)<\/strong> causer des dommages aux syst\u00e8mes physiques et logiques de Nom de la soci\u00e9t\u00e9 qui a cr\u00e9\u00e9 le site Web, ses fournisseurs ou des tiers, introduire ou propager des virus informatiques ou tout autre syst\u00e8me physique ou logique qui sont susceptibles de causer les dommages susmentionn\u00e9s\u00a0;<\/p>\n<p><strong>(iv)<\/strong> essayer d&rsquo;acc\u00e9der et, le cas \u00e9ch\u00e9ant, utiliser les comptes de messagerie d&rsquo;autres utilisateurs et modifier ou manipuler leurs messages. IDEMAG cr\u00e9ateur du site se r\u00e9serve le droit de retirer tous les commentaires et contributions qui portent atteinte au respect de la dignit\u00e9 de la personne, qui sont discriminatoires, x\u00e9nophobes, racistes, pornographiques, qui portent atteinte \u00e0 la jeunesse ou \u00e0 l&rsquo;enfance, \u00e0 l&rsquo;ordre ou \u00e0 la s\u00e9curit\u00e9 publique ou qui, en votre avis, ne conviennent pas \u00e0 la publication. En aucun cas, IDEMAG ne sera responsable des opinions exprim\u00e9es par les utilisateurs via des forums, des chats ou d&rsquo;autres outils de participation.<\/p>\n<p>&nbsp;<\/p>\n<ol start=\"4\">\n<li><strong> PROTECTION DES DONN\u00c9ES<\/strong><\/li>\n<\/ol>\n<p>IDEMAG se conforme aux directives de la loi organique 15\/1999 du 13 d\u00e9cembre sur la protection des donn\u00e9es personnelles, d\u00e9cret royal 1720\/2007 du 21 d\u00e9cembre, qui approuve le r\u00e8glement pour le d\u00e9veloppement de la loi organique et d&rsquo;autres r\u00e9glementations en vigueur \u00e0 \u00e0 tout moment, et assure l&rsquo;utilisation et le traitement corrects des donn\u00e9es personnelles de l&rsquo;utilisateur. Pour ce faire, avec chaque formulaire de collecte de donn\u00e9es personnelles, dans les services que l&rsquo;utilisateur peut demander \u00e0 IDEMAG, l&rsquo;utilisateur sera inform\u00e9 de l&rsquo;existence et de l&rsquo;acceptation des conditions particuli\u00e8res de traitement de ses donn\u00e9es dans chaque cas, en l&rsquo;informant de la responsabilit\u00e9 du fichier cr\u00e9\u00e9, l&rsquo;adresse du responsable, la possibilit\u00e9 d&rsquo;exercer ses droits d&rsquo;acc\u00e8s, de rectification, d&rsquo;annulation ou d&rsquo;opposition, la finalit\u00e9 du traitement et de la communication des donn\u00e9es \u00e0 des tiers, selon le cas.&lt; \/p&gt;<\/p>\n<p>De m\u00eame, IDEMAG informe qu&rsquo;il se conforme \u00e0 la loi 34\/2002 du 11 juillet sur les services de la soci\u00e9t\u00e9 de l&rsquo;information et du commerce \u00e9lectronique et demandera \u00e0 tout moment votre consentement au traitement de votre courrier \u00e9lectronique \u00e0 des fins commerciales. .&lt;\/p &gt;<\/p>\n<p>&nbsp;<\/p>\n<ol start=\"5\">\n<li><strong>PROPRI\u00c9T\u00c9 INTELLECTUELLE ET INDUSTRIELLE<\/strong><\/li>\n<\/ol>\n<p>IDEMAG, par elle-m\u00eame ou en tant que cessionnaire, est propri\u00e9taire de tous les droits de propri\u00e9t\u00e9 intellectuelle et industrielle de son site Internet, ainsi que des \u00e9l\u00e9ments qui y sont contenus (\u00e0 titre d&rsquo;exemple, images, sons, audio, vid\u00e9o, logiciels ou textes\u00a0; marques ou logos, combinaisons de couleurs, structure et conception, s\u00e9lection des mat\u00e9riaux utilis\u00e9s, programmes informatiques n\u00e9cessaires \u00e0 son fonctionnement, acc\u00e8s et utilisation, etc.), propri\u00e9t\u00e9 d&rsquo;IDEMAG ou de ses conc\u00e9dants.<\/p>\n<p>Tous droits r\u00e9serv\u00e9s. En vertu des dispositions des articles 8 et 32.1, deuxi\u00e8me alin\u00e9a, de la Loi sur la propri\u00e9t\u00e9 intellectuelle, la reproduction, la distribution et la communication publique, y compris le mode de mise \u00e0 disposition, de tout ou partie du contenu de cette page Web, \u00e0 des fins commerciales fins, sur tout support et par tout moyen technique, sans l&rsquo;autorisation d&rsquo;IDEMAG.<\/p>\n<p>L&rsquo;UTILISATEUR s&rsquo;engage \u00e0 respecter les droits de propri\u00e9t\u00e9 intellectuelle et industrielle d\u00e9tenus par IDEMAG. Vous pouvez visualiser les \u00e9l\u00e9ments du portail et m\u00eame les imprimer, les copier et les stocker sur le disque dur de votre ordinateur ou sur tout autre support physique \u00e0 condition que ce soit uniquement et exclusivement pour votre usage personnel et priv\u00e9.<\/p>\n<p>L&rsquo;UTILISATEUR doit s&rsquo;abstenir de supprimer, modifier, \u00e9luder ou manipuler tout dispositif de protection ou syst\u00e8me de s\u00e9curit\u00e9 install\u00e9 sur les pages IDEMAG.<\/p>\n<p>&nbsp;<\/p>\n<ol start=\"6\">\n<li><strong> EXCLUSION DE GARANTIES ET DE RESPONSABILIT\u00c9 <\/strong><\/li>\n<\/ol>\n<p>IDEMAG n&rsquo;est en aucun cas responsable des dommages de toute nature pouvant causer, \u00e0 titre d&rsquo;exemple\u00a0: des erreurs ou des omissions dans le contenu, le manque de disponibilit\u00e9 du portail ou la transmission de virus ou de programmes malveillants ou nuisibles \u00e0 le contenu, bien qu&rsquo;ayant adopt\u00e9 toutes les mesures technologiques n\u00e9cessaires pour l&rsquo;\u00e9viter.<\/p>\n<p>&nbsp;<\/p>\n<ol start=\"7\">\n<li><strong>MODIFICATIONS<\/strong><\/li>\n<\/ol>\n<p>IDEMAG se r\u00e9serve le droit d&rsquo;apporter les modifications qu&rsquo;elle juge appropri\u00e9es \u00e0 son portail sans pr\u00e9avis, en pouvant modifier, supprimer ou ajouter \u00e0 la fois le contenu et les services fournis par son interm\u00e9diaire et la mani\u00e8re dont ils sont pr\u00e9sent\u00e9s ou situ\u00e9s sur votre portail.<\/p>\n<p>&nbsp;<\/p>\n<ol start=\"8\">\n<li><strong>LIENS<\/strong><\/li>\n<\/ol>\n<p>Dans le cas o\u00f9 idemag.com contiendrait des liens ou des hyperliens vers d&rsquo;autres sites Internet, IDEMAG n&rsquo;exercera aucun type de contr\u00f4le sur lesdits sites et contenus. En aucun cas, IDEMAG n&rsquo;assumera aucune responsabilit\u00e9 pour le contenu de tout lien appartenant \u00e0 un site Web tiers, ni ne garantira la disponibilit\u00e9 technique, la qualit\u00e9, la fiabilit\u00e9, l&rsquo;exactitude, l&rsquo;amplitude, la v\u00e9racit\u00e9, la validit\u00e9 et la constitutionnalit\u00e9 de tout mat\u00e9riel ou information contenu dans l&rsquo;un desdits hyperliens ou d&rsquo;autres sites Internet.<\/p>\n<p>De m\u00eame, l&rsquo;inclusion de ces connexions externes n&rsquo;impliquera aucun type d&rsquo;association, de fusion ou de participation avec les entit\u00e9s connect\u00e9es.<\/p>\n<p>&nbsp;<\/p>\n<ol start=\"9\">\n<li><strong> DROIT D&rsquo;EXCLUSION<\/strong><\/li>\n<\/ol>\n<p>IDEMAG se r\u00e9serve le droit de refuser ou de retirer l&rsquo;acc\u00e8s au portail et\/ou aux services propos\u00e9s sans pr\u00e9avis, \u00e0 sa demande ou \u00e0 celle d&rsquo;un tiers, aux utilisateurs qui ne respecteraient pas les pr\u00e9sentes Conditions G\u00e9n\u00e9rales d&rsquo;Utilisation.<\/p>\n<p>&nbsp;<\/p>\n<ol start=\"10\">\n<li><strong>G\u00c9N\u00c9RALIT\u00c9S<\/strong><\/li>\n<\/ol>\n<p>IDEMAG poursuivra la violation de ces conditions ainsi que toute utilisation abusive de son portail, en exer\u00e7ant toutes les actions civiles et p\u00e9nales pouvant correspondre \u00e0 la loi.<\/p>\n<p>&nbsp;<\/p>\n<ol start=\"11\">\n<li><strong>11.MODIFICATION DES PR\u00c9SENTES CONDITIONS ET DUR\u00c9E<\/strong><\/li>\n<\/ol>\n<p>IDEMAG peut modifier \u00e0 tout moment les conditions d\u00e9termin\u00e9es ici, d\u00fbment publi\u00e9es telles qu&rsquo;elles apparaissent ici.<\/p>\n<p>La validit\u00e9 des conditions susmentionn\u00e9es d\u00e9pendra de leur exposition et sera valable jusqu&rsquo;\u00e0 ce qu&rsquo;elle soit d\u00fbment publi\u00e9e. qui sont modifi\u00e9s par d&rsquo;autres.<\/p>\n<p>&nbsp;<\/p>\n<ol start=\"12\">\n<li><strong> L\u00c9GISLATION APPLICABLE ET JURIDICTION<\/strong><\/li>\n<\/ol>\n<p>La relation entre IDEMAG et l&rsquo;UTILISATEUR sera r\u00e9gie par la r\u00e9glementation espagnole en vigueur et toute controverse sera soumise aux Cours et Tribunaux de la ville de Barcelone.<\/p>\n<p>&nbsp;<\/p>\n\t\t\t\t\t\t<\/div>\n\t\t\t\t<\/div>\n\t\t\t\t\t<\/div>\n\t\t<\/div>\n\t\t\t\t\t<\/div>\n\t\t<\/section>\n\t\t\t\t<\/div>\n\t\t","protected":false},"excerpt":{"rendered":"<p>AVIS JURIDIQUE PROPRI\u00c9TAIRE DU SITE WEB NOM DE L&rsquo;ENTREPRISE : Imanes y Desarrollos Magn\u00e9ticos S.L. NIF: B61747721 ADRESSE SOCIALE Pol. Ind. Llobregat -C\/ Bari, Nave 4 08755 Castellbisbal (Barcelone) &#8211; Espagne CONTACT\u00a0: T\u00e9l\u00e9phone\u00a0: +34 93 302 27 50 E-mail\u00a0: idemag@idemag.com &nbsp; DONN\u00c9ES D&rsquo;IDENTIFICATION Conform\u00e9ment \u00e0 l&rsquo;obligation d&rsquo;information contenue dans l&rsquo;article 10 de la loi 34\/2002 [&hellip;]<\/p>\n","protected":false},"author":1,"featured_media":0,"parent":0,"menu_order":0,"comment_status":"closed","ping_status":"closed","template":"elementor_header_footer","meta":{"footnotes":""},"class_list":["post-4443","page","type-page","status-publish","hentry"],"yoast_head":"<!-- This site is optimized with the Yoast SEO plugin v23.7 - https:\/\/yoast.com\/wordpress\/plugins\/seo\/ -->\n<title>Avis Juridique - Fabricaci\u00f3n de sistemas magn\u00e9ticos | Idemag<\/title>\n<meta name=\"robots\" content=\"index, follow, max-snippet:-1, max-image-preview:large, max-video-preview:-1\" \/>\n<link rel=\"canonical\" href=\"https:\/\/idemag.com\/aviso-legal\/\" \/>\n<meta property=\"og:locale\" content=\"fr_FR\" \/>\n<meta property=\"og:type\" content=\"article\" \/>\n<meta property=\"og:title\" content=\"Avis Juridique - Fabricaci\u00f3n de sistemas magn\u00e9ticos | Idemag\" \/>\n<meta property=\"og:description\" content=\"AVIS JURIDIQUE PROPRI\u00c9TAIRE DU SITE WEB NOM DE L&rsquo;ENTREPRISE : Imanes y Desarrollos Magn\u00e9ticos S.L. NIF: B61747721 ADRESSE SOCIALE Pol. Ind. Llobregat -C\/ Bari, Nave 4 08755 Castellbisbal (Barcelone) &#8211; Espagne CONTACT\u00a0: T\u00e9l\u00e9phone\u00a0: +34 93 302 27 50 E-mail\u00a0: idemag@idemag.com &nbsp; DONN\u00c9ES D&rsquo;IDENTIFICATION Conform\u00e9ment \u00e0 l&rsquo;obligation d&rsquo;information contenue dans l&rsquo;article 10 de la loi 34\/2002 [&hellip;]\" \/>\n<meta property=\"og:url\" content=\"https:\/\/idemag.com\/aviso-legal\/\" \/>\n<meta property=\"og:site_name\" content=\"Fabricaci\u00f3n de sistemas magn\u00e9ticos | Idemag\" \/>\n<meta property=\"article:publisher\" content=\"http:\/\/www.facebook.com\/pages\/IMANES-Y-DESARROLLOS-MAGNTICOS\/102898016414303\" \/>\n<meta property=\"article:modified_time\" content=\"2026-07-02T07:39:57+00:00\" \/>\n<meta name=\"twitter:card\" content=\"summary_large_image\" \/>\n<meta name=\"twitter:label1\" content=\"Dur\u00e9e de lecture estim\u00e9e\" \/>\n\t<meta name=\"twitter:data1\" content=\"7 minutes\" \/>\n<script type=\"application\/ld+json\" class=\"yoast-schema-graph\">{\"@context\":\"https:\/\/schema.org\",\"@graph\":[{\"@type\":\"WebPage\",\"@id\":\"https:\/\/idemag.com\/aviso-legal\/\",\"url\":\"https:\/\/idemag.com\/aviso-legal\/\",\"name\":\"Avis Juridique - Fabricaci\u00f3n de sistemas magn\u00e9ticos | Idemag\",\"isPartOf\":{\"@id\":\"https:\/\/idemag.com\/#website\"},\"datePublished\":\"2022-11-11T11:28:03+00:00\",\"dateModified\":\"2026-07-02T07:39:57+00:00\",\"breadcrumb\":{\"@id\":\"https:\/\/idemag.com\/aviso-legal\/#breadcrumb\"},\"inLanguage\":\"fr-FR\",\"potentialAction\":[{\"@type\":\"ReadAction\",\"target\":[\"https:\/\/idemag.com\/aviso-legal\/\"]}]},{\"@type\":\"BreadcrumbList\",\"@id\":\"https:\/\/idemag.com\/aviso-legal\/#breadcrumb\",\"itemListElement\":[{\"@type\":\"ListItem\",\"position\":1,\"name\":\"Home\",\"item\":\"https:\/\/idemag.com\/fr\/aimants-et-developpements-magnetiques\/\"},{\"@type\":\"ListItem\",\"position\":2,\"name\":\"Avis Juridique\"}]},{\"@type\":\"WebSite\",\"@id\":\"https:\/\/idemag.com\/#website\",\"url\":\"https:\/\/idemag.com\/\",\"name\":\"Fabricaci\u00f3n de sistemas magn\u00e9ticos | Idemag\",\"description\":\"Desarrollo y fabricaci\u00f3n de imanes y sistemas magn\u00e9ticos a medida\",\"publisher\":{\"@id\":\"https:\/\/idemag.com\/#organization\"},\"potentialAction\":[{\"@type\":\"SearchAction\",\"target\":{\"@type\":\"EntryPoint\",\"urlTemplate\":\"https:\/\/idemag.com\/?s={search_term_string}\"},\"query-input\":{\"@type\":\"PropertyValueSpecification\",\"valueRequired\":true,\"valueName\":\"search_term_string\"}}],\"inLanguage\":\"fr-FR\"},{\"@type\":\"Organization\",\"@id\":\"https:\/\/idemag.com\/#organization\",\"name\":\"IDEMAG : Imanes y desarrollos magn\u00e9ticos S.L.\",\"url\":\"https:\/\/idemag.com\/\",\"logo\":{\"@type\":\"ImageObject\",\"inLanguage\":\"fr-FR\",\"@id\":\"https:\/\/idemag.com\/#\/schema\/logo\/image\/\",\"url\":\"http:\/\/idemag.com\/wp-content\/uploads\/2022\/06\/logo-idemag-con-subtexto-2.png\",\"contentUrl\":\"http:\/\/idemag.com\/wp-content\/uploads\/2022\/06\/logo-idemag-con-subtexto-2.png\",\"width\":1200,\"height\":374,\"caption\":\"IDEMAG : Imanes y desarrollos magn\u00e9ticos S.L.\"},\"image\":{\"@id\":\"https:\/\/idemag.com\/#\/schema\/logo\/image\/\"},\"sameAs\":[\"http:\/\/www.facebook.com\/pages\/IMANES-Y-DESARROLLOS-MAGNTICOS\/102898016414303\",\"http:\/\/www.youtube.com\/user\/idemag?feature=watch\"]}]}<\/script>\n<!-- \/ Yoast SEO plugin. -->","yoast_head_json":{"title":"Avis Juridique - Fabricaci\u00f3n de sistemas magn\u00e9ticos | Idemag","robots":{"index":"index","follow":"follow","max-snippet":"max-snippet:-1","max-image-preview":"max-image-preview:large","max-video-preview":"max-video-preview:-1"},"canonical":"https:\/\/idemag.com\/aviso-legal\/","og_locale":"fr_FR","og_type":"article","og_title":"Avis Juridique - Fabricaci\u00f3n de sistemas magn\u00e9ticos | Idemag","og_description":"AVIS JURIDIQUE PROPRI\u00c9TAIRE DU SITE WEB NOM DE L&rsquo;ENTREPRISE : Imanes y Desarrollos Magn\u00e9ticos S.L. NIF: B61747721 ADRESSE SOCIALE Pol. Ind. Llobregat -C\/ Bari, Nave 4 08755 Castellbisbal (Barcelone) &#8211; Espagne CONTACT\u00a0: T\u00e9l\u00e9phone\u00a0: +34 93 302 27 50 E-mail\u00a0: idemag@idemag.com &nbsp; DONN\u00c9ES D&rsquo;IDENTIFICATION Conform\u00e9ment \u00e0 l&rsquo;obligation d&rsquo;information contenue dans l&rsquo;article 10 de la loi 34\/2002 [&hellip;]","og_url":"https:\/\/idemag.com\/aviso-legal\/","og_site_name":"Fabricaci\u00f3n de sistemas magn\u00e9ticos | Idemag","article_publisher":"http:\/\/www.facebook.com\/pages\/IMANES-Y-DESARROLLOS-MAGNTICOS\/102898016414303","article_modified_time":"2026-07-02T07:39:57+00:00","twitter_card":"summary_large_image","twitter_misc":{"Dur\u00e9e de lecture estim\u00e9e":"7 minutes"},"schema":{"@context":"https:\/\/schema.org","@graph":[{"@type":"WebPage","@id":"https:\/\/idemag.com\/aviso-legal\/","url":"https:\/\/idemag.com\/aviso-legal\/","name":"Avis Juridique - Fabricaci\u00f3n de sistemas magn\u00e9ticos | Idemag","isPartOf":{"@id":"https:\/\/idemag.com\/#website"},"datePublished":"2022-11-11T11:28:03+00:00","dateModified":"2026-07-02T07:39:57+00:00","breadcrumb":{"@id":"https:\/\/idemag.com\/aviso-legal\/#breadcrumb"},"inLanguage":"fr-FR","potentialAction":[{"@type":"ReadAction","target":["https:\/\/idemag.com\/aviso-legal\/"]}]},{"@type":"BreadcrumbList","@id":"https:\/\/idemag.com\/aviso-legal\/#breadcrumb","itemListElement":[{"@type":"ListItem","position":1,"name":"Home","item":"https:\/\/idemag.com\/fr\/aimants-et-developpements-magnetiques\/"},{"@type":"ListItem","position":2,"name":"Avis Juridique"}]},{"@type":"WebSite","@id":"https:\/\/idemag.com\/#website","url":"https:\/\/idemag.com\/","name":"Fabricaci\u00f3n de sistemas magn\u00e9ticos | Idemag","description":"Desarrollo y fabricaci\u00f3n de imanes y sistemas magn\u00e9ticos a medida","publisher":{"@id":"https:\/\/idemag.com\/#organization"},"potentialAction":[{"@type":"SearchAction","target":{"@type":"EntryPoint","urlTemplate":"https:\/\/idemag.com\/?s={search_term_string}"},"query-input":{"@type":"PropertyValueSpecification","valueRequired":true,"valueName":"search_term_string"}}],"inLanguage":"fr-FR"},{"@type":"Organization","@id":"https:\/\/idemag.com\/#organization","name":"IDEMAG : Imanes y desarrollos magn\u00e9ticos S.L.","url":"https:\/\/idemag.com\/","logo":{"@type":"ImageObject","inLanguage":"fr-FR","@id":"https:\/\/idemag.com\/#\/schema\/logo\/image\/","url":"http:\/\/idemag.com\/wp-content\/uploads\/2022\/06\/logo-idemag-con-subtexto-2.png","contentUrl":"http:\/\/idemag.com\/wp-content\/uploads\/2022\/06\/logo-idemag-con-subtexto-2.png","width":1200,"height":374,"caption":"IDEMAG : Imanes y desarrollos magn\u00e9ticos S.L."},"image":{"@id":"https:\/\/idemag.com\/#\/schema\/logo\/image\/"},"sameAs":["http:\/\/www.facebook.com\/pages\/IMANES-Y-DESARROLLOS-MAGNTICOS\/102898016414303","http:\/\/www.youtube.com\/user\/idemag?feature=watch"]}]}},"_links":{"self":[{"href":"https:\/\/idemag.com\/fr\/wp-json\/wp\/v2\/pages\/4443"}],"collection":[{"href":"https:\/\/idemag.com\/fr\/wp-json\/wp\/v2\/pages"}],"about":[{"href":"https:\/\/idemag.com\/fr\/wp-json\/wp\/v2\/types\/page"}],"author":[{"embeddable":true,"href":"https:\/\/idemag.com\/fr\/wp-json\/wp\/v2\/users\/1"}],"replies":[{"embeddable":true,"href":"https:\/\/idemag.com\/fr\/wp-json\/wp\/v2\/comments?post=4443"}],"version-history":[{"count":8,"href":"https:\/\/idemag.com\/fr\/wp-json\/wp\/v2\/pages\/4443\/revisions"}],"predecessor-version":[{"id":23664,"href":"https:\/\/idemag.com\/fr\/wp-json\/wp\/v2\/pages\/4443\/revisions\/23664"}],"wp:attachment":[{"href":"https:\/\/idemag.com\/fr\/wp-json\/wp\/v2\/media?parent=4443"}],"curies":[{"name":"wp","href":"https:\/\/api.w.org\/{rel}","templated":true}]}}